{"id":168,"date":"2021-07-09T13:32:32","date_gmt":"2021-07-09T11:32:32","guid":{"rendered":"https:\/\/www.inselreunion.de\/?page_id=168"},"modified":"2023-04-22T11:25:38","modified_gmt":"2023-04-22T09:25:38","slug":"startseite","status":"publish","type":"page","link":"https:\/\/www.inselreunion.de\/","title":{"rendered":"Startseite"},"content":{"rendered":"\t\t<div data-elementor-type=\"wp-page\" data-elementor-id=\"168\" class=\"elementor elementor-168\" data-elementor-settings=\"[]\">\n\t\t\t\t\t\t\t<div class=\"elementor-section-wrap\">\n\t\t\t\t\t\t\t<section class=\"elementor-section elementor-top-section elementor-element elementor-element-0b6dc19 elementor-section-height-min-height elementor-section-boxed elementor-section-height-default elementor-section-items-middle\" data-id=\"0b6dc19\" data-element_type=\"section\" data-settings=\"{&quot;background_background&quot;:&quot;classic&quot;}\">\n\t\t\t\t\t\t\t<div class=\"elementor-background-overlay\"><\/div>\n\t\t\t\t\t\t\t<div class=\"elementor-container elementor-column-gap-default\">\n\t\t\t\t\t<div class=\"elementor-column elementor-col-100 elementor-top-column elementor-element elementor-element-138e346\" data-id=\"138e346\" data-element_type=\"column\">\n\t\t\t<div class=\"elementor-widget-wrap elementor-element-populated\">\n\t\t\t\t\t\t\t\t<div class=\"elementor-element elementor-element-7059608 elementor-widget elementor-widget-heading\" data-id=\"7059608\" data-element_type=\"widget\" data-widget_type=\"heading.default\">\n\t\t\t\t<div class=\"elementor-widget-container\">\n\t\t\t<h1 class=\"elementor-heading-title elementor-size-default\">Insel La Reunion hautnah erleben - Reisetipps und Erfahrungsberichte<\/h1>\t\t<\/div>\n\t\t\t\t<\/div>\n\t\t\t\t<div class=\"elementor-element elementor-element-d315f7d elementor-align-center elementor-widget elementor-widget-button\" data-id=\"d315f7d\" data-element_type=\"widget\" data-widget_type=\"button.default\">\n\t\t\t\t<div class=\"elementor-widget-container\">\n\t\t\t\t\t<div class=\"elementor-button-wrapper\">\n\t\t\t<a href=\"https:\/\/www.inselreunion.de\/index.php\/kategorie\/allgemein\/\" class=\"elementor-button-link elementor-button elementor-size-lg elementor-animation-grow\" role=\"button\">\n\t\t\t\t\t\t<span class=\"elementor-button-content-wrapper\">\n\t\t\t\t\t\t<span class=\"elementor-button-text\">Jetzt entdecken<\/span>\n\t\t<\/span>\n\t\t\t\t\t<\/a>\n\t\t<\/div>\n\t\t\t\t<\/div>\n\t\t\t\t<\/div>\n\t\t\t\t\t<\/div>\n\t\t<\/div>\n\t\t\t\t\t\t\t<\/div>\n\t\t<\/section>\n\t\t\t\t<section class=\"elementor-section elementor-top-section elementor-element elementor-element-54f02c1 elementor-section-boxed elementor-section-height-default elementor-section-height-default\" data-id=\"54f02c1\" data-element_type=\"section\">\n\t\t\t\t\t\t<div class=\"elementor-container elementor-column-gap-default\">\n\t\t\t\t\t<div class=\"elementor-column elementor-col-100 elementor-top-column elementor-element elementor-element-071efd6\" data-id=\"071efd6\" data-element_type=\"column\">\n\t\t\t<div class=\"elementor-widget-wrap elementor-element-populated\">\n\t\t\t\t\t\t\t\t<div class=\"elementor-element elementor-element-18669ff pp-card-slider-image-left pp-card-slider-dots-aside elementor-widget elementor-widget-pp-card-slider\" data-id=\"18669ff\" data-element_type=\"widget\" data-settings=\"{&quot;autoplay_speed&quot;:5000,&quot;date&quot;:&quot;yes&quot;,&quot;post_meta&quot;:&quot;yes&quot;,&quot;post_author&quot;:&quot;yes&quot;,&quot;post_category&quot;:&quot;yes&quot;,&quot;autoplay&quot;:&quot;yes&quot;,&quot;loop&quot;:&quot;yes&quot;,&quot;pagination&quot;:&quot;yes&quot;,&quot;pagination_type&quot;:&quot;bullets&quot;,&quot;keyboard_nav&quot;:&quot;no&quot;}\" data-widget_type=\"pp-card-slider.default\">\n\t\t\t\t<div class=\"elementor-widget-container\">\n\t\t\t\t\t<div class=\"pp-card-slider-wrapper swiper-container-wrap\">\n\t\t\t<div class=\"pp-card-slider pp-swiper-slider\" data-slider-settings=\"{&quot;direction&quot;:&quot;horizontal&quot;,&quot;speed&quot;:5000,&quot;effect&quot;:&quot;fade&quot;,&quot;slidesPerView&quot;:1,&quot;grabCursor&quot;:false,&quot;autoHeight&quot;:false,&quot;loop&quot;:true,&quot;fadeEffect&quot;:{&quot;crossFade&quot;:true},&quot;autoplay&quot;:{&quot;delay&quot;:5000,&quot;disableOnInteraction&quot;:false},&quot;pagination&quot;:{&quot;el&quot;:&quot;.swiper-pagination&quot;,&quot;type&quot;:&quot;bullets&quot;,&quot;clickable&quot;:true}}\">\n\t\t\t\t<div class=\"swiper-wrapper\">\n\t\t\t\t\t\t\t\t\t<div class=\"pp-card-slider-item swiper-slide pp-card-slider-item-0\">\n\t\t\t\t\t\t\t\t\t\t\t\t\t\t\t\t\t<a class=\"pp-card-slider-box-link\" href=\"https:\/\/www.inselreunion.de\/index.php\/la-reunion-in-14-tagen\/\"><\/a>\n\t\t\t\t\t\t\t\t\t\t\t\t\t<div class=\"pp-card-slider-image\">\n\t\t\t\t<img decoding=\"async\" src=\"https:\/\/www.inselreunion.de\/wp-content\/uploads\/2023\/04\/WhatsApp-Image-2023-04-03-at-22.12.27-768x1024.jpeg\" alt=\"Vacoa am Dos D'Ane La Reunion\">\t\t\t<\/div>\n\t\t\t\t\t\t\t\t<div class=\"pp-card-slider-content-wrap\">\n\t\t\t\t\t\t\t\t\t<div class=\"pp-card-slider-date\">\n\t\t\t\t\t\t\t\t\t<span class=\"pp-card-slider-meta-icon pp-icon\">\n\t\t\t\t\t\t<i aria-hidden=\"true\" class=\"fas fa-calendar-alt\"><\/i>\t\t\t\t\t<\/span>\n\t\t\t\t\t\t\t\t<span class=\"pp-card-slider-meta-text\">\n\t\t\t\t\t11. April 2023\t\t\t\t<\/span>\n\t\t\t<\/div>\n\t\t\t\t\t\t\t\t\t\t\t\t\t\t\t\t<h2 class=\"pp-card-slider-title\">\n\t\t\t\t\t\t\t\tLa Reunion in 14 Tagen\t\t\t\t\t\t\t<\/h2>\n\t\t\t\t\t\t\n\t\t\t\t\t\t\t\t\t<div class=\"pp-card-slider-meta\">\n\t\t\t\t\t\t\t\t\t<span class=\"pp-content-author\">\n\t\t\t\t\t\t\t\t\t\t\t\t\t<span class=\"pp-card-slider-meta-icon pp-icon\">\n\t\t\t\t\t\t\t\t<i aria-hidden=\"true\" class=\"fas fa-user\"><\/i>\t\t\t\t\t\t\t<\/span>\n\t\t\t\t\t\t\t\t\t\t\t\t<span class=\"pp-card-slider-meta-text\">\n\t\t\t\t\t\t\tBirgit Schumacher\t\t\t\t\t\t<\/span>\n\t\t\t\t\t<\/span>\n\t\t\t\t  \n\t\t\t\t\t\t\t\t\t<span class=\"pp-post-category\">\n\t\t\t\t\t\t\t\t\t\t\t\t\t<span class=\"pp-card-slider-meta-icon pp-icon\">\n\t\t\t\t\t\t\t\t<i aria-hidden=\"true\" class=\"fas fa-folder-open\"><\/i>\t\t\t\t\t\t\t<\/span>\n\t\t\t\t\t\t\t\t\t\t\t\t<span class=\"pp-card-slider-meta-text\">\n\t\t\t\t\t\t\tAllgemein\t\t\t\t\t\t<\/span>\n\t\t\t\t\t<\/span>\n\t\t\t\t  \n\t\t\t<\/div>\n\t\t\t\n\t\t\t\t\t\t\t\t\t\t\t\t\t<div class=\"pp-card-slider-content\">\n\t\t\t\t\t\t\t\tZwei Wochen Reisezeit auf La Reunion Auch wenn 14 Tage Reisezeit auf La Reunion schon relativ knapp bemessen sind,...\t\t\t\t\t\t\t<\/div>\n\t\t\t\t\t\t\t\t\t\t\t\t\t\t\t\t\t<\/div>\n\t\t\t\t<\/div>\n\t\t\t\t\t\t\t\t<div class=\"pp-card-slider-item swiper-slide pp-card-slider-item-1\">\n\t\t\t\t\t\t\t\t\t\t\t\t\t\t\t\t\t<a class=\"pp-card-slider-box-link\" href=\"https:\/\/www.inselreunion.de\/index.php\/insel-la-reunion-reise-in-den-pfingstferien\/\"><\/a>\n\t\t\t\t\t\t\t\t\t\t\t\t\t<div class=\"pp-card-slider-image\">\n\t\t\t\t<img decoding=\"async\" src=\"https:\/\/www.inselreunion.de\/wp-content\/uploads\/2022\/07\/DSC_0212-min-768x511.jpg\" alt=\"Temple Tamoul La Possession\">\t\t\t<\/div>\n\t\t\t\t\t\t\t\t<div class=\"pp-card-slider-content-wrap\">\n\t\t\t\t\t\t\t\t\t<div class=\"pp-card-slider-date\">\n\t\t\t\t\t\t\t\t\t<span class=\"pp-card-slider-meta-icon pp-icon\">\n\t\t\t\t\t\t<i aria-hidden=\"true\" class=\"fas fa-calendar-alt\"><\/i>\t\t\t\t\t<\/span>\n\t\t\t\t\t\t\t\t<span class=\"pp-card-slider-meta-text\">\n\t\t\t\t\t3. Juli 2022\t\t\t\t<\/span>\n\t\t\t<\/div>\n\t\t\t\t\t\t\t\t\t\t\t\t\t\t\t\t<h2 class=\"pp-card-slider-title\">\n\t\t\t\t\t\t\t\tInsel La Reunion Reise in den Pfingstferien\t\t\t\t\t\t\t<\/h2>\n\t\t\t\t\t\t\n\t\t\t\t\t\t\t\t\t<div class=\"pp-card-slider-meta\">\n\t\t\t\t\t\t\t\t\t<span class=\"pp-content-author\">\n\t\t\t\t\t\t\t\t\t\t\t\t\t<span class=\"pp-card-slider-meta-icon pp-icon\">\n\t\t\t\t\t\t\t\t<i aria-hidden=\"true\" class=\"fas fa-user\"><\/i>\t\t\t\t\t\t\t<\/span>\n\t\t\t\t\t\t\t\t\t\t\t\t<span class=\"pp-card-slider-meta-text\">\n\t\t\t\t\t\t\tBirgit Schumacher\t\t\t\t\t\t<\/span>\n\t\t\t\t\t<\/span>\n\t\t\t\t  \n\t\t\t\t\t\t\t\t\t<span class=\"pp-post-category\">\n\t\t\t\t\t\t\t\t\t\t\t\t\t<span class=\"pp-card-slider-meta-icon pp-icon\">\n\t\t\t\t\t\t\t\t<i aria-hidden=\"true\" class=\"fas fa-folder-open\"><\/i>\t\t\t\t\t\t\t<\/span>\n\t\t\t\t\t\t\t\t\t\t\t\t<span class=\"pp-card-slider-meta-text\">\n\t\t\t\t\t\t\tAllgemein\t\t\t\t\t\t<\/span>\n\t\t\t\t\t<\/span>\n\t\t\t\t  \n\t\t\t<\/div>\n\t\t\t\n\t\t\t\t\t\t\t\t\t\t\t\t\t<div class=\"pp-card-slider-content\">\n\t\t\t\t\t\t\t\t&nbsp; Insel La Reunion in den Pfingstferien Die Pfingstferien, die ja in Baden-W\u00fcrttemberg und Bayern sowie in anderen Bundesl\u00e4ndern...\t\t\t\t\t\t\t<\/div>\n\t\t\t\t\t\t\t\t\t\t\t\t\t\t\t\t\t<\/div>\n\t\t\t\t<\/div>\n\t\t\t\t\t\t\t\t<div class=\"pp-card-slider-item swiper-slide pp-card-slider-item-2\">\n\t\t\t\t\t\t\t\t\t\t\t\t\t\t\t\t\t<a class=\"pp-card-slider-box-link\" href=\"https:\/\/www.inselreunion.de\/index.php\/gruende-fuer-eine-familienreise-la-reunion\/\"><\/a>\n\t\t\t\t\t\t\t\t\t\t\t\t\t<div class=\"pp-card-slider-image\">\n\t\t\t\t<img decoding=\"async\" src=\"https:\/\/www.inselreunion.de\/wp-content\/uploads\/2022\/07\/DSC_0629.jpg\" alt=\"Familienreise La Reunion\">\t\t\t<\/div>\n\t\t\t\t\t\t\t\t<div class=\"pp-card-slider-content-wrap\">\n\t\t\t\t\t\t\t\t\t<div class=\"pp-card-slider-date\">\n\t\t\t\t\t\t\t\t\t<span class=\"pp-card-slider-meta-icon pp-icon\">\n\t\t\t\t\t\t<i aria-hidden=\"true\" class=\"fas fa-calendar-alt\"><\/i>\t\t\t\t\t<\/span>\n\t\t\t\t\t\t\t\t<span class=\"pp-card-slider-meta-text\">\n\t\t\t\t\t21. September 2021\t\t\t\t<\/span>\n\t\t\t<\/div>\n\t\t\t\t\t\t\t\t\t\t\t\t\t\t\t\t<h2 class=\"pp-card-slider-title\">\n\t\t\t\t\t\t\t\tGr\u00fcnde f\u00fcr eine Familienreise La R\u00e9union\t\t\t\t\t\t\t<\/h2>\n\t\t\t\t\t\t\n\t\t\t\t\t\t\t\t\t<div class=\"pp-card-slider-meta\">\n\t\t\t\t\t\t\t\t\t<span class=\"pp-content-author\">\n\t\t\t\t\t\t\t\t\t\t\t\t\t<span class=\"pp-card-slider-meta-icon pp-icon\">\n\t\t\t\t\t\t\t\t<i aria-hidden=\"true\" class=\"fas fa-user\"><\/i>\t\t\t\t\t\t\t<\/span>\n\t\t\t\t\t\t\t\t\t\t\t\t<span class=\"pp-card-slider-meta-text\">\n\t\t\t\t\t\t\tBirgit Schumacher\t\t\t\t\t\t<\/span>\n\t\t\t\t\t<\/span>\n\t\t\t\t  \n\t\t\t\t\t\t\t\t\t<span class=\"pp-post-category\">\n\t\t\t\t\t\t\t\t\t\t\t\t\t<span class=\"pp-card-slider-meta-icon pp-icon\">\n\t\t\t\t\t\t\t\t<i aria-hidden=\"true\" class=\"fas fa-folder-open\"><\/i>\t\t\t\t\t\t\t<\/span>\n\t\t\t\t\t\t\t\t\t\t\t\t<span class=\"pp-card-slider-meta-text\">\n\t\t\t\t\t\t\tAllgemein\t\t\t\t\t\t<\/span>\n\t\t\t\t\t<\/span>\n\t\t\t\t  \n\t\t\t<\/div>\n\t\t\t\n\t\t\t\t\t\t\t\t\t\t\t\t\t<div class=\"pp-card-slider-content\">\n\t\t\t\t\t\t\t\tWelche Gr\u00fcnde sprechen f\u00fcr eine Familienreise La R\u00e9union? Das Reiseziel La R\u00e9union im Indischen Ozean eignet sich perfekt f\u00fcr...\t\t\t\t\t\t\t<\/div>\n\t\t\t\t\t\t\t\t\t\t\t\t\t\t\t\t\t<\/div>\n\t\t\t\t<\/div>\n\t\t\t\t\t\t\t\t<div class=\"pp-card-slider-item swiper-slide pp-card-slider-item-3\">\n\t\t\t\t\t\t\t\t\t\t\t\t\t\t\t\t\t<a class=\"pp-card-slider-box-link\" href=\"https:\/\/www.inselreunion.de\/index.php\/cilaos-und-der-cirque-de-cilaos-insel-la-reunion\/\"><\/a>\n\t\t\t\t\t\t\t\t\t\t\t\t\t<div class=\"pp-card-slider-image\">\n\t\t\t\t<img decoding=\"async\" src=\"https:\/\/www.inselreunion.de\/wp-content\/uploads\/2021\/08\/Cilaos-2.jpeg\" alt=\"Dorf und Cirque de Cilaos\">\t\t\t<\/div>\n\t\t\t\t\t\t\t\t<div class=\"pp-card-slider-content-wrap\">\n\t\t\t\t\t\t\t\t\t<div class=\"pp-card-slider-date\">\n\t\t\t\t\t\t\t\t\t<span class=\"pp-card-slider-meta-icon pp-icon\">\n\t\t\t\t\t\t<i aria-hidden=\"true\" class=\"fas fa-calendar-alt\"><\/i>\t\t\t\t\t<\/span>\n\t\t\t\t\t\t\t\t<span class=\"pp-card-slider-meta-text\">\n\t\t\t\t\t22. August 2021\t\t\t\t<\/span>\n\t\t\t<\/div>\n\t\t\t\t\t\t\t\t\t\t\t\t\t\t\t\t<h2 class=\"pp-card-slider-title\">\n\t\t\t\t\t\t\t\tCilaos und der Cirque de Cilaos Insel La R\u00e9union\t\t\t\t\t\t\t<\/h2>\n\t\t\t\t\t\t\n\t\t\t\t\t\t\t\t\t<div class=\"pp-card-slider-meta\">\n\t\t\t\t\t\t\t\t\t<span class=\"pp-content-author\">\n\t\t\t\t\t\t\t\t\t\t\t\t\t<span class=\"pp-card-slider-meta-icon pp-icon\">\n\t\t\t\t\t\t\t\t<i aria-hidden=\"true\" class=\"fas fa-user\"><\/i>\t\t\t\t\t\t\t<\/span>\n\t\t\t\t\t\t\t\t\t\t\t\t<span class=\"pp-card-slider-meta-text\">\n\t\t\t\t\t\t\tBirgit Schumacher\t\t\t\t\t\t<\/span>\n\t\t\t\t\t<\/span>\n\t\t\t\t  \n\t\t\t\t\t\t\t\t\t<span class=\"pp-post-category\">\n\t\t\t\t\t\t\t\t\t\t\t\t\t<span class=\"pp-card-slider-meta-icon pp-icon\">\n\t\t\t\t\t\t\t\t<i aria-hidden=\"true\" class=\"fas fa-folder-open\"><\/i>\t\t\t\t\t\t\t<\/span>\n\t\t\t\t\t\t\t\t\t\t\t\t<span class=\"pp-card-slider-meta-text\">\n\t\t\t\t\t\t\tReisetipps\t\t\t\t\t\t<\/span>\n\t\t\t\t\t<\/span>\n\t\t\t\t  \n\t\t\t<\/div>\n\t\t\t\n\t\t\t\t\t\t\t\t\t\t\t\t\t<div class=\"pp-card-slider-content\">\n\t\t\t\t\t\t\t\tDer Cirque de Cilaos auf der Insel La R\u00e9union liegt zusammen mit dem Dorf Cilaos im Herzen der Insel...\t\t\t\t\t\t\t<\/div>\n\t\t\t\t\t\t\t\t\t\t\t\t\t\t\t\t\t<\/div>\n\t\t\t\t<\/div>\n\t\t\t\t\t\t\t\t<\/div>\n\t\t\t\t<div class=\"swiper-pagination\"><\/div>\n\t\t\t<\/div>\n\t\t<\/div>\n\t\t\t\t<\/div>\n\t\t\t\t<\/div>\n\t\t\t\t\t<\/div>\n\t\t<\/div>\n\t\t\t\t\t\t\t<\/div>\n\t\t<\/section>\n\t\t\t\t<section class=\"elementor-section elementor-top-section elementor-element elementor-element-cd24c25 elementor-section-boxed elementor-section-height-default elementor-section-height-default\" data-id=\"cd24c25\" data-element_type=\"section\">\n\t\t\t\t\t\t<div class=\"elementor-container elementor-column-gap-wider\">\n\t\t\t\t\t<div class=\"elementor-column elementor-col-100 elementor-top-column elementor-element elementor-element-b6fa3d6\" data-id=\"b6fa3d6\" data-element_type=\"column\">\n\t\t\t<div class=\"elementor-widget-wrap elementor-element-populated\">\n\t\t\t\t\t\t\t\t<div class=\"elementor-element elementor-element-e24b133 elementor-widget elementor-widget-heading\" data-id=\"e24b133\" data-element_type=\"widget\" data-widget_type=\"heading.default\">\n\t\t\t\t<div class=\"elementor-widget-container\">\n\t\t\t<h2 class=\"elementor-heading-title elementor-size-default\">Wer wir sind und \u00fcber unsere Verbindung zur Insel La Reunion<\/h2>\t\t<\/div>\n\t\t\t\t<\/div>\n\t\t\t\t<div class=\"elementor-element elementor-element-ca26738 elementor-widget elementor-widget-text-editor\" data-id=\"ca26738\" data-element_type=\"widget\" data-widget_type=\"text-editor.default\">\n\t\t\t\t<div class=\"elementor-widget-container\">\n\t\t\t\t\t\t\t\t<p>Auf dieser Seite werden wir regelm\u00e4\u00dfig \u00fcber Aktuelles, Informatives und allgemeine Informationen zum Thema La Reunion berichten. Die Beitr\u00e4ge dieses Blog kommen sowohl aus La R\u00e9union als auch aus Deutschland.<\/p><p>Die\u00a0<a href=\"https:\/\/alizee-reisen.de\/\" target=\"_blank\" rel=\"noopener\">Reiseveranstalterin<\/a>\u00a0Birgit Schumacher verbrachte einen ersten, knapp sieben Jahre langen Aufenthalt auf der Insel bereits Ende der 1980er Jahre. Damals steckte der Tourismus auf der Insel wortw\u00f6rtlich noch in den Kinderschuhen.<\/p><p><img loading=\"lazy\" decoding=\"async\" class=\"alignnone size-full wp-image-40\" src=\"https:\/\/www.inselreunion.de\/wp-content\/uploads\/2021\/07\/1400x385-Piton-des-Neiges.jpg\" alt=\"\" width=\"1400\" height=\"385\" \/><\/p><p>Die globalen touristischen Entwicklungen der letzten Jahrzehnte haben markante Spuren hinterlassen. Reisen wurde zum Konsumgut und damit zur Massenware.<\/p><p>Im Mittelpunkt der Wiederaufnahme unserer Reiseveranstalter-T\u00e4tigkeit nach der Pandemie steht die Begegnung der Menschen sowohl als Reisende\u00a0 als auch als Gastgeber.<\/p><p>Umso wichtiger ist es, Ihnen im Vorfeld bei der Reiseplanung zu erm\u00f6glichen, einen m\u00f6glichst echten, authentischen Eindruck von der Insel zu bekommen.<\/p><p>Das hilft Ihnen bei der Wahl der richtigen Standorte und verschafft den richtigen \u00dcberblick \u00fcber die M\u00f6glichkeiten vor Ort.<\/p><p>Auch wenn man bei einer Reise auf der Insel La Reunion ausschlie\u00dflich eine Rundreise unternimmt, die im Vorfeld kaum oder nur wenige Aktivit\u00e4ten beinhaltet, kommt man vollends auf seine Kosten.<\/p><p>Denn alleine die Natur dieser grandiosen Insel ist einfach \u00fcberw\u00e4ltigend.<\/p>\t\t\t\t\t\t<\/div>\n\t\t\t\t<\/div>\n\t\t\t\t\t<\/div>\n\t\t<\/div>\n\t\t\t\t\t\t\t<\/div>\n\t\t<\/section>\n\t\t\t\t<section class=\"elementor-section elementor-top-section elementor-element elementor-element-ddb1fd3 elementor-section-boxed elementor-section-height-default elementor-section-height-default\" data-id=\"ddb1fd3\" data-element_type=\"section\">\n\t\t\t\t\t\t<div class=\"elementor-container elementor-column-gap-wider\">\n\t\t\t\t\t<div class=\"elementor-column elementor-col-50 elementor-top-column elementor-element elementor-element-9e63a44\" data-id=\"9e63a44\" data-element_type=\"column\">\n\t\t\t<div class=\"elementor-widget-wrap elementor-element-populated\">\n\t\t\t\t\t\t\t\t<div class=\"elementor-element elementor-element-47d94d4 elementor-widget elementor-widget-heading\" data-id=\"47d94d4\" data-element_type=\"widget\" data-widget_type=\"heading.default\">\n\t\t\t\t<div class=\"elementor-widget-container\">\n\t\t\t<h2 class=\"elementor-heading-title elementor-size-default\">Wo liegt die Insel La Reunion?<\/h2>\t\t<\/div>\n\t\t\t\t<\/div>\n\t\t\t\t<div class=\"elementor-element elementor-element-bfeb580 elementor-widget elementor-widget-image\" data-id=\"bfeb580\" data-element_type=\"widget\" data-widget_type=\"image.default\">\n\t\t\t\t<div class=\"elementor-widget-container\">\n\t\t\t\t\t\t\t\t\t\t\t\t\t\t\t<img loading=\"lazy\" decoding=\"async\" width=\"1024\" height=\"350\" src=\"https:\/\/www.inselreunion.de\/wp-content\/uploads\/2021\/06\/Bassin-La-Reunion-2021.jpg\" class=\"attachment-large size-large\" alt=\"\" \/>\t\t\t\t\t\t\t\t\t\t\t\t\t\t\t<\/div>\n\t\t\t\t<\/div>\n\t\t\t\t<div class=\"elementor-element elementor-element-c5107bf elementor-widget elementor-widget-text-editor\" data-id=\"c5107bf\" data-element_type=\"widget\" data-widget_type=\"text-editor.default\">\n\t\t\t\t<div class=\"elementor-widget-container\">\n\t\t\t\t\t\t\t\t<p>Unsere Insel liegt knapp \u00fcber 9000 Kilometer vom franz\u00f6sischen Mutterland entfernt im Indischen Ozean.<\/p><p>Nur 45 Minuten Flug trennt die Insel La Reunion von Mauritius und ca. 1,5 Stunden\u00a0 zum \u00dcbersee-Departement Mayotte im Kanal von Mosambique.<\/p><p>Wer also eine Reise plant auf die Insel La R\u00e9union, kann spannende Kombinationen mit den benachbarten Inseln der Maskarenen in Erw\u00e4gung ziehen.<\/p>\t\t\t\t\t\t<\/div>\n\t\t\t\t<\/div>\n\t\t\t\t\t<\/div>\n\t\t<\/div>\n\t\t\t\t<div class=\"elementor-column elementor-col-50 elementor-top-column elementor-element elementor-element-1caf9fc\" data-id=\"1caf9fc\" data-element_type=\"column\">\n\t\t\t<div class=\"elementor-widget-wrap elementor-element-populated\">\n\t\t\t\t\t\t\t\t<div class=\"elementor-element elementor-element-747e34e elementor-widget elementor-widget-heading\" data-id=\"747e34e\" data-element_type=\"widget\" data-widget_type=\"heading.default\">\n\t\t\t\t<div class=\"elementor-widget-container\">\n\t\t\t<h2 class=\"elementor-heading-title elementor-size-default\">Reunionesisch-deutscher Blog<\/h2>\t\t<\/div>\n\t\t\t\t<\/div>\n\t\t\t\t<div class=\"elementor-element elementor-element-343e90a elementor-widget elementor-widget-image\" data-id=\"343e90a\" data-element_type=\"widget\" data-widget_type=\"image.default\">\n\t\t\t\t<div class=\"elementor-widget-container\">\n\t\t\t\t\t\t\t\t\t\t\t\t\t\t\t<img loading=\"lazy\" decoding=\"async\" width=\"1024\" height=\"350\" src=\"https:\/\/www.inselreunion.de\/wp-content\/uploads\/2021\/07\/Flammenbaum-2021.jpg\" class=\"attachment-large size-large\" alt=\"Flammenbaum Insel La Reunion\" \/>\t\t\t\t\t\t\t\t\t\t\t\t\t\t\t<\/div>\n\t\t\t\t<\/div>\n\t\t\t\t<div class=\"elementor-element elementor-element-1b888bf elementor-widget elementor-widget-text-editor\" data-id=\"1b888bf\" data-element_type=\"widget\" data-widget_type=\"text-editor.default\">\n\t\t\t\t<div class=\"elementor-widget-container\">\n\t\t\t\t\t\t\t\t<p>Der geb\u00fcrtige R\u00e9unionais und Fotograf Franck Olivier Grondin, aus dessen Foto-Reservoir ein Gro\u00dfteil der Bilder in diesem Blog \u201eInformationen zum Thema La Reunion\u201c zur Verf\u00fcgung steht,\u00a0 schafft es, in einer au\u00dfergew\u00f6hnlichen Intensit\u00e4t seine Eindr\u00fccke von Landschaft, Botanik und Leben auf der Insel festzuhalten und einzufangen.<\/p><p>Wir als Betrachter*innen seiner Werke einen echten Eindruck von der Vielfalt und Sch\u00f6nheit dieser au\u00dfergew\u00f6hnlich lebendigen Insel bekommen.<\/p><p>Wir w\u00fcnschen Ihnen viel Spa\u00df beim St\u00f6bern in unseren Beitr\u00e4gen.<\/p>\t\t\t\t\t\t<\/div>\n\t\t\t\t<\/div>\n\t\t\t\t\t<\/div>\n\t\t<\/div>\n\t\t\t\t\t\t\t<\/div>\n\t\t<\/section>\n\t\t\t\t<section class=\"elementor-section elementor-top-section elementor-element elementor-element-d5e89ff elementor-section-boxed elementor-section-height-default elementor-section-height-default\" data-id=\"d5e89ff\" data-element_type=\"section\">\n\t\t\t\t\t\t<div class=\"elementor-container elementor-column-gap-default\">\n\t\t\t\t\t<div class=\"elementor-column elementor-col-100 elementor-top-column elementor-element elementor-element-a7d04cc\" data-id=\"a7d04cc\" data-element_type=\"column\">\n\t\t\t<div class=\"elementor-widget-wrap elementor-element-populated\">\n\t\t\t\t\t\t\t\t<div class=\"elementor-element elementor-element-c66faee elementor-grid-3 elementor-grid-tablet-2 elementor-grid-mobile-1 elementor-posts--thumbnail-top elementor-card-shadow-yes elementor-posts__hover-gradient elementor-widget elementor-widget-posts\" data-id=\"c66faee\" data-element_type=\"widget\" data-settings=\"{&quot;cards_columns&quot;:&quot;3&quot;,&quot;cards_columns_tablet&quot;:&quot;2&quot;,&quot;cards_columns_mobile&quot;:&quot;1&quot;,&quot;cards_row_gap&quot;:{&quot;unit&quot;:&quot;px&quot;,&quot;size&quot;:35,&quot;sizes&quot;:[]}}\" data-widget_type=\"posts.cards\">\n\t\t\t\t<div class=\"elementor-widget-container\">\n\t\t\t\t\t<div class=\"elementor-posts-container elementor-posts elementor-posts--skin-cards elementor-grid\">\n\t\t\t\t<article class=\"elementor-post elementor-grid-item post-562 post type-post status-publish format-standard has-post-thumbnail hentry category-allgemein wpbf-post\">\n\t\t\t<div class=\"elementor-post__card\">\n\t\t\t\t<a class=\"elementor-post__thumbnail__link\" href=\"https:\/\/www.inselreunion.de\/index.php\/la-reunion-in-14-tagen\/\" >\n\t\t\t<div class=\"elementor-post__thumbnail\"><img loading=\"lazy\" decoding=\"async\" width=\"225\" height=\"300\" src=\"https:\/\/www.inselreunion.de\/wp-content\/uploads\/2023\/04\/WhatsApp-Image-2023-04-03-at-22.12.27-225x300.jpeg\" class=\"attachment-medium size-medium\" alt=\"Vacoa am Dos D&#039;Ane La Reunion\" srcset=\"https:\/\/www.inselreunion.de\/wp-content\/uploads\/2023\/04\/WhatsApp-Image-2023-04-03-at-22.12.27-225x300.jpeg 225w, https:\/\/www.inselreunion.de\/wp-content\/uploads\/2023\/04\/WhatsApp-Image-2023-04-03-at-22.12.27-768x1024.jpeg 768w, https:\/\/www.inselreunion.de\/wp-content\/uploads\/2023\/04\/WhatsApp-Image-2023-04-03-at-22.12.27-113x150.jpeg 113w, https:\/\/www.inselreunion.de\/wp-content\/uploads\/2023\/04\/WhatsApp-Image-2023-04-03-at-22.12.27-1152x1536.jpeg 1152w, https:\/\/www.inselreunion.de\/wp-content\/uploads\/2023\/04\/WhatsApp-Image-2023-04-03-at-22.12.27.jpeg 1536w\" sizes=\"auto, (max-width: 225px) 100vw, 225px\" \/><\/div>\n\t\t<\/a>\n\t\t\t\t<div class=\"elementor-post__badge\">Allgemein<\/div>\n\t\t\t\t<div class=\"elementor-post__text\">\n\t\t\t\t<h3 class=\"elementor-post__title\">\n\t\t\t<a href=\"https:\/\/www.inselreunion.de\/index.php\/la-reunion-in-14-tagen\/\" >\n\t\t\t\tLa Reunion in 14 Tagen\t\t\t<\/a>\n\t\t<\/h3>\n\t\t\t\t<div class=\"elementor-post__excerpt\">\n\t\t\t<p>Zwei Wochen Reisezeit auf La Reunion Auch wenn 14 Tage Reisezeit auf La Reunion schon relativ knapp bemessen sind, kann man doch auch in nur<\/p>\n\t\t<\/div>\n\t\t\t\t\t<a class=\"elementor-post__read-more\" href=\"https:\/\/www.inselreunion.de\/index.php\/la-reunion-in-14-tagen\/\" >\n\t\t\t\tWeiterlesen \u00bb\t\t\t<\/a>\n\t\t\t\t<\/div>\n\t\t\t\t<div class=\"elementor-post__meta-data\">\n\t\t\t\t\t<span class=\"elementor-post-date\">\n\t\t\t11. April 2023\t\t<\/span>\n\t\t\t\t<span class=\"elementor-post-avatar\">\n\t\t\tKeine Kommentare\t\t<\/span>\n\t\t\t\t<\/div>\n\t\t\t\t\t<\/div>\n\t\t<\/article>\n\t\t\t\t<article class=\"elementor-post elementor-grid-item post-504 post type-post status-publish format-standard has-post-thumbnail hentry category-allgemein wpbf-post\">\n\t\t\t<div class=\"elementor-post__card\">\n\t\t\t\t<a class=\"elementor-post__thumbnail__link\" href=\"https:\/\/www.inselreunion.de\/index.php\/insel-la-reunion-reise-in-den-pfingstferien\/\" >\n\t\t\t<div class=\"elementor-post__thumbnail\"><img loading=\"lazy\" decoding=\"async\" width=\"300\" height=\"199\" src=\"https:\/\/www.inselreunion.de\/wp-content\/uploads\/2022\/07\/DSC_0212-min-300x199.jpg\" class=\"attachment-medium size-medium\" alt=\"Temple Tamoul La Possession\" srcset=\"https:\/\/www.inselreunion.de\/wp-content\/uploads\/2022\/07\/DSC_0212-min-300x199.jpg 300w, https:\/\/www.inselreunion.de\/wp-content\/uploads\/2022\/07\/DSC_0212-min-1024x681.jpg 1024w, https:\/\/www.inselreunion.de\/wp-content\/uploads\/2022\/07\/DSC_0212-min-150x100.jpg 150w, https:\/\/www.inselreunion.de\/wp-content\/uploads\/2022\/07\/DSC_0212-min-768x511.jpg 768w, https:\/\/www.inselreunion.de\/wp-content\/uploads\/2022\/07\/DSC_0212-min-1536x1021.jpg 1536w, https:\/\/www.inselreunion.de\/wp-content\/uploads\/2022\/07\/DSC_0212-min-2048x1362.jpg 2048w\" sizes=\"auto, (max-width: 300px) 100vw, 300px\" \/><\/div>\n\t\t<\/a>\n\t\t\t\t<div class=\"elementor-post__badge\">Allgemein<\/div>\n\t\t\t\t<div class=\"elementor-post__text\">\n\t\t\t\t<h3 class=\"elementor-post__title\">\n\t\t\t<a href=\"https:\/\/www.inselreunion.de\/index.php\/insel-la-reunion-reise-in-den-pfingstferien\/\" >\n\t\t\t\tInsel La Reunion Reise in den Pfingstferien\t\t\t<\/a>\n\t\t<\/h3>\n\t\t\t\t<div class=\"elementor-post__excerpt\">\n\t\t\t<p>&nbsp; Insel La Reunion in den Pfingstferien Die Pfingstferien, die ja in Baden-W\u00fcrttemberg und Bayern sowie in anderen Bundesl\u00e4ndern \u00fcber 14 Tage dauern, eignen sich<\/p>\n\t\t<\/div>\n\t\t\t\t\t<a class=\"elementor-post__read-more\" href=\"https:\/\/www.inselreunion.de\/index.php\/insel-la-reunion-reise-in-den-pfingstferien\/\" >\n\t\t\t\tWeiterlesen \u00bb\t\t\t<\/a>\n\t\t\t\t<\/div>\n\t\t\t\t<div class=\"elementor-post__meta-data\">\n\t\t\t\t\t<span class=\"elementor-post-date\">\n\t\t\t3. Juli 2022\t\t<\/span>\n\t\t\t\t<span class=\"elementor-post-avatar\">\n\t\t\tKeine Kommentare\t\t<\/span>\n\t\t\t\t<\/div>\n\t\t\t\t\t<\/div>\n\t\t<\/article>\n\t\t\t\t<article class=\"elementor-post elementor-grid-item post-423 post type-post status-publish format-standard has-post-thumbnail hentry category-allgemein wpbf-post\">\n\t\t\t<div class=\"elementor-post__card\">\n\t\t\t\t<a class=\"elementor-post__thumbnail__link\" href=\"https:\/\/www.inselreunion.de\/index.php\/gruende-fuer-eine-familienreise-la-reunion\/\" >\n\t\t\t<div class=\"elementor-post__thumbnail\"><img loading=\"lazy\" decoding=\"async\" width=\"1\" height=\"1\" src=\"https:\/\/www.inselreunion.de\/wp-content\/uploads\/2022\/07\/DSC_0629.jpg\" class=\"attachment-medium size-medium\" alt=\"Familienreise La Reunion\" \/><\/div>\n\t\t<\/a>\n\t\t\t\t<div class=\"elementor-post__badge\">Allgemein<\/div>\n\t\t\t\t<div class=\"elementor-post__text\">\n\t\t\t\t<h3 class=\"elementor-post__title\">\n\t\t\t<a href=\"https:\/\/www.inselreunion.de\/index.php\/gruende-fuer-eine-familienreise-la-reunion\/\" >\n\t\t\t\tGr\u00fcnde f\u00fcr eine Familienreise La R\u00e9union\t\t\t<\/a>\n\t\t<\/h3>\n\t\t\t\t<div class=\"elementor-post__excerpt\">\n\t\t\t<p>Welche Gr\u00fcnde sprechen f\u00fcr eine Familienreise La R\u00e9union? Das Reiseziel La R\u00e9union im Indischen Ozean eignet sich perfekt f\u00fcr eine Familienreise, denn die M\u00f6glichkeiten, die<\/p>\n\t\t<\/div>\n\t\t\t\t\t<a class=\"elementor-post__read-more\" href=\"https:\/\/www.inselreunion.de\/index.php\/gruende-fuer-eine-familienreise-la-reunion\/\" >\n\t\t\t\tWeiterlesen \u00bb\t\t\t<\/a>\n\t\t\t\t<\/div>\n\t\t\t\t<div class=\"elementor-post__meta-data\">\n\t\t\t\t\t<span class=\"elementor-post-date\">\n\t\t\t21. September 2021\t\t<\/span>\n\t\t\t\t<span class=\"elementor-post-avatar\">\n\t\t\tKeine Kommentare\t\t<\/span>\n\t\t\t\t<\/div>\n\t\t\t\t\t<\/div>\n\t\t<\/article>\n\t\t\t\t<article class=\"elementor-post elementor-grid-item post-399 post type-post status-publish format-standard has-post-thumbnail hentry category-reisetipps wpbf-post\">\n\t\t\t<div class=\"elementor-post__card\">\n\t\t\t\t<a class=\"elementor-post__thumbnail__link\" href=\"https:\/\/www.inselreunion.de\/index.php\/cilaos-und-der-cirque-de-cilaos-insel-la-reunion\/\" >\n\t\t\t<div class=\"elementor-post__thumbnail\"><img loading=\"lazy\" decoding=\"async\" width=\"200\" height=\"300\" src=\"https:\/\/www.inselreunion.de\/wp-content\/uploads\/2021\/08\/Cilaos-2-200x300.jpeg\" class=\"attachment-medium size-medium\" alt=\"Dorf und Cirque de Cilaos\" srcset=\"https:\/\/www.inselreunion.de\/wp-content\/uploads\/2021\/08\/Cilaos-2-200x300.jpeg 200w, https:\/\/www.inselreunion.de\/wp-content\/uploads\/2021\/08\/Cilaos-2-100x150.jpeg 100w, https:\/\/www.inselreunion.de\/wp-content\/uploads\/2021\/08\/Cilaos-2.jpeg 500w\" sizes=\"auto, (max-width: 200px) 100vw, 200px\" \/><\/div>\n\t\t<\/a>\n\t\t\t\t<div class=\"elementor-post__badge\">Reisetipps<\/div>\n\t\t\t\t<div class=\"elementor-post__text\">\n\t\t\t\t<h3 class=\"elementor-post__title\">\n\t\t\t<a href=\"https:\/\/www.inselreunion.de\/index.php\/cilaos-und-der-cirque-de-cilaos-insel-la-reunion\/\" >\n\t\t\t\tCilaos und der Cirque de Cilaos Insel La R\u00e9union\t\t\t<\/a>\n\t\t<\/h3>\n\t\t\t\t<div class=\"elementor-post__excerpt\">\n\t\t\t<p>Der Cirque de Cilaos auf der Insel La R\u00e9union liegt zusammen mit dem Dorf Cilaos im Herzen der Insel La R\u00e9union auf knapp \u00fcber 1200m<\/p>\n\t\t<\/div>\n\t\t\t\t\t<a class=\"elementor-post__read-more\" href=\"https:\/\/www.inselreunion.de\/index.php\/cilaos-und-der-cirque-de-cilaos-insel-la-reunion\/\" >\n\t\t\t\tWeiterlesen \u00bb\t\t\t<\/a>\n\t\t\t\t<\/div>\n\t\t\t\t<div class=\"elementor-post__meta-data\">\n\t\t\t\t\t<span class=\"elementor-post-date\">\n\t\t\t22. August 2021\t\t<\/span>\n\t\t\t\t<span class=\"elementor-post-avatar\">\n\t\t\tKeine Kommentare\t\t<\/span>\n\t\t\t\t<\/div>\n\t\t\t\t\t<\/div>\n\t\t<\/article>\n\t\t\t\t<article class=\"elementor-post elementor-grid-item post-370 post type-post status-publish format-standard has-post-thumbnail hentry category-reisetipps wpbf-post\">\n\t\t\t<div class=\"elementor-post__card\">\n\t\t\t\t<a class=\"elementor-post__thumbnail__link\" href=\"https:\/\/www.inselreunion.de\/index.php\/beste-reisezeit-fuer-die-insel-la-reunion\/\" >\n\t\t\t<div class=\"elementor-post__thumbnail\"><img loading=\"lazy\" decoding=\"async\" width=\"300\" height=\"200\" src=\"https:\/\/www.inselreunion.de\/wp-content\/uploads\/2021\/08\/Paille-en-Queue-300x200.jpg\" class=\"attachment-medium size-medium\" alt=\"Beste Reisezeit La Reunion das ganze Jahr\" srcset=\"https:\/\/www.inselreunion.de\/wp-content\/uploads\/2021\/08\/Paille-en-Queue-300x200.jpg 300w, https:\/\/www.inselreunion.de\/wp-content\/uploads\/2021\/08\/Paille-en-Queue-150x100.jpg 150w, https:\/\/www.inselreunion.de\/wp-content\/uploads\/2021\/08\/Paille-en-Queue.jpg 750w\" sizes=\"auto, (max-width: 300px) 100vw, 300px\" \/><\/div>\n\t\t<\/a>\n\t\t\t\t<div class=\"elementor-post__badge\">Reisetipps<\/div>\n\t\t\t\t<div class=\"elementor-post__text\">\n\t\t\t\t<h3 class=\"elementor-post__title\">\n\t\t\t<a href=\"https:\/\/www.inselreunion.de\/index.php\/beste-reisezeit-fuer-die-insel-la-reunion\/\" >\n\t\t\t\tBeste Reisezeit f\u00fcr die Insel La R\u00e9union\t\t\t<\/a>\n\t\t<\/h3>\n\t\t\t\t<div class=\"elementor-post__excerpt\">\n\t\t\t<p>Die beste Reisezeit f\u00fcr La R\u00e9union ist dann, wenn das Reisedatum zu Ihrem Reiseprogramm passt. In\u00a0 den Monaten November bis einschlie\u00dflich April ist im &#8222;S\u00fcdsommer&#8220;<\/p>\n\t\t<\/div>\n\t\t\t\t\t<a class=\"elementor-post__read-more\" href=\"https:\/\/www.inselreunion.de\/index.php\/beste-reisezeit-fuer-die-insel-la-reunion\/\" >\n\t\t\t\tWeiterlesen \u00bb\t\t\t<\/a>\n\t\t\t\t<\/div>\n\t\t\t\t<div class=\"elementor-post__meta-data\">\n\t\t\t\t\t<span class=\"elementor-post-date\">\n\t\t\t11. August 2021\t\t<\/span>\n\t\t\t\t<span class=\"elementor-post-avatar\">\n\t\t\tKeine Kommentare\t\t<\/span>\n\t\t\t\t<\/div>\n\t\t\t\t\t<\/div>\n\t\t<\/article>\n\t\t\t\t<article class=\"elementor-post elementor-grid-item post-314 post type-post status-publish format-standard has-post-thumbnail hentry category-rundreise-empfehlungen wpbf-post\">\n\t\t\t<div class=\"elementor-post__card\">\n\t\t\t\t<a class=\"elementor-post__thumbnail__link\" href=\"https:\/\/www.inselreunion.de\/index.php\/la-reunion-geheimtipps\/\" >\n\t\t\t<div class=\"elementor-post__thumbnail\"><img loading=\"lazy\" decoding=\"async\" width=\"300\" height=\"200\" src=\"https:\/\/www.inselreunion.de\/wp-content\/uploads\/2021\/07\/MG_0276-300x200.jpg\" class=\"attachment-medium size-medium\" alt=\"Wilder fruchtbarer S\u00fcden La Reunion\" srcset=\"https:\/\/www.inselreunion.de\/wp-content\/uploads\/2021\/07\/MG_0276-300x200.jpg 300w, https:\/\/www.inselreunion.de\/wp-content\/uploads\/2021\/07\/MG_0276-1024x683.jpg 1024w, https:\/\/www.inselreunion.de\/wp-content\/uploads\/2021\/07\/MG_0276-150x100.jpg 150w, https:\/\/www.inselreunion.de\/wp-content\/uploads\/2021\/07\/MG_0276-768x512.jpg 768w, https:\/\/www.inselreunion.de\/wp-content\/uploads\/2021\/07\/MG_0276-1536x1024.jpg 1536w, https:\/\/www.inselreunion.de\/wp-content\/uploads\/2021\/07\/MG_0276-2048x1365.jpg 2048w\" sizes=\"auto, (max-width: 300px) 100vw, 300px\" \/><\/div>\n\t\t<\/a>\n\t\t\t\t<div class=\"elementor-post__badge\">Rundreise-Empfehlungen<\/div>\n\t\t\t\t<div class=\"elementor-post__text\">\n\t\t\t\t<h3 class=\"elementor-post__title\">\n\t\t\t<a href=\"https:\/\/www.inselreunion.de\/index.php\/la-reunion-geheimtipps\/\" >\n\t\t\t\tLa R\u00e9union Geheimtipps\t\t\t<\/a>\n\t\t<\/h3>\n\t\t\t\t<div class=\"elementor-post__excerpt\">\n\t\t\t<p>Ein echter Geheimtipp f\u00fcr die Insel La R\u00e9union ist der Wilde S\u00fcden Der Wilde S\u00fcden auf der Insel La Reunion bietet im Rahmen einer\u00a0 Inseltour<\/p>\n\t\t<\/div>\n\t\t\t\t\t<a class=\"elementor-post__read-more\" href=\"https:\/\/www.inselreunion.de\/index.php\/la-reunion-geheimtipps\/\" >\n\t\t\t\tWeiterlesen \u00bb\t\t\t<\/a>\n\t\t\t\t<\/div>\n\t\t\t\t<div class=\"elementor-post__meta-data\">\n\t\t\t\t\t<span class=\"elementor-post-date\">\n\t\t\t23. Juli 2021\t\t<\/span>\n\t\t\t\t<span class=\"elementor-post-avatar\">\n\t\t\tKeine Kommentare\t\t<\/span>\n\t\t\t\t<\/div>\n\t\t\t\t\t<\/div>\n\t\t<\/article>\n\t\t\t\t<\/div>\n\t\t\t\t<\/div>\n\t\t\t\t<\/div>\n\t\t\t\t\t<\/div>\n\t\t<\/div>\n\t\t\t\t\t\t\t<\/div>\n\t\t<\/section>\n\t\t\t\t\t\t<\/div>\n\t\t\t\t\t<\/div>\n\t\t","protected":false},"excerpt":{"rendered":"<p>Insel La Reunion hautnah erleben &#8211; Reisetipps und Erfahrungsberichte Jetzt entdecken 21. September 2021 Gr\u00fcnde f\u00fcr eine Familienreise La R\u00e9union Birgit Schumacher Allgemein Welche Gr\u00fcnde sprechen f\u00fcr eine Familienreise La R\u00e9union? Das Reiseziel La R\u00e9union im Indischen Ozean eignet sich perfekt f\u00fcr&#8230; 22. August 2021 Cilaos und der Cirque de Cilaos Insel La R\u00e9union Birgit [&hellip;]<\/p>\n","protected":false},"author":2,"featured_media":0,"parent":0,"menu_order":0,"comment_status":"closed","ping_status":"closed","template":"elementor_header_footer","meta":{"footnotes":""},"class_list":["post-168","page","type-page","status-publish","hentry","wpbf-post"],"yoast_head":"<!-- This site is optimized with the Yoast SEO plugin v23.5 - https:\/\/yoast.com\/wordpress\/plugins\/seo\/ -->\n<title>Insel La Reunion | Reisetipps und Erfahrungsberichte<\/title>\n<meta name=\"description\" content=\"Insel La Reunion Erfahrungen und Reiseberichte, Reisetipps und Aktuelles zu Rundreisen, Wanderungen und Unterk\u00fcnften. Was gilt es zu beachten?\" \/>\n<meta name=\"robots\" content=\"index, follow, max-snippet:-1, max-image-preview:large, max-video-preview:-1\" \/>\n<link rel=\"canonical\" href=\"https:\/\/www.inselreunion.de\/\" \/>\n<meta property=\"og:locale\" content=\"de_DE\" \/>\n<meta property=\"og:type\" content=\"article\" \/>\n<meta property=\"og:title\" content=\"Insel La Reunion | Reisetipps und Erfahrungsberichte\" \/>\n<meta property=\"og:description\" content=\"Insel La Reunion Erfahrungen und Reiseberichte, Reisetipps und Aktuelles zu Rundreisen, Wanderungen und Unterk\u00fcnften. Was gilt es zu beachten?\" \/>\n<meta property=\"og:url\" content=\"https:\/\/www.inselreunion.de\/\" \/>\n<meta property=\"og:site_name\" content=\"Insel La Reunion\" \/>\n<meta property=\"article:modified_time\" content=\"2023-04-22T09:25:38+00:00\" \/>\n<meta property=\"og:image\" content=\"https:\/\/www.inselreunion.de\/wp-content\/uploads\/2021\/09\/faune_terrestre63_cameleon-CREDIT-IRT-serge_gelabert_dts_12_2021-1.jpg\" \/>\n<meta name=\"twitter:card\" content=\"summary_large_image\" \/>\n<meta name=\"twitter:label1\" content=\"Gesch\u00e4tzte Lesezeit\" \/>\n\t<meta name=\"twitter:data1\" content=\"5\u00a0Minuten\" \/>\n<script type=\"application\/ld+json\" class=\"yoast-schema-graph\">{\"@context\":\"https:\/\/schema.org\",\"@graph\":[{\"@type\":\"WebPage\",\"@id\":\"https:\/\/www.inselreunion.de\/\",\"url\":\"https:\/\/www.inselreunion.de\/\",\"name\":\"Insel La Reunion | Reisetipps und Erfahrungsberichte\",\"isPartOf\":{\"@id\":\"https:\/\/www.inselreunion.de\/#website\"},\"primaryImageOfPage\":{\"@id\":\"https:\/\/www.inselreunion.de\/#primaryimage\"},\"image\":{\"@id\":\"https:\/\/www.inselreunion.de\/#primaryimage\"},\"thumbnailUrl\":\"https:\/\/www.inselreunion.de\/wp-content\/uploads\/2021\/09\/faune_terrestre63_cameleon-CREDIT-IRT-serge_gelabert_dts_12_2021-1.jpg\",\"datePublished\":\"2021-07-09T11:32:32+00:00\",\"dateModified\":\"2023-04-22T09:25:38+00:00\",\"description\":\"Insel La Reunion Erfahrungen und Reiseberichte, Reisetipps und Aktuelles zu Rundreisen, Wanderungen und Unterk\u00fcnften. Was gilt es zu beachten?\",\"breadcrumb\":{\"@id\":\"https:\/\/www.inselreunion.de\/#breadcrumb\"},\"inLanguage\":\"de\",\"potentialAction\":[{\"@type\":\"ReadAction\",\"target\":[\"https:\/\/www.inselreunion.de\/\"]}]},{\"@type\":\"ImageObject\",\"inLanguage\":\"de\",\"@id\":\"https:\/\/www.inselreunion.de\/#primaryimage\",\"url\":\"https:\/\/www.inselreunion.de\/wp-content\/uploads\/2021\/09\/faune_terrestre63_cameleon-CREDIT-IRT-serge_gelabert_dts_12_2021-1.jpg\",\"contentUrl\":\"https:\/\/www.inselreunion.de\/wp-content\/uploads\/2021\/09\/faune_terrestre63_cameleon-CREDIT-IRT-serge_gelabert_dts_12_2021-1.jpg\",\"width\":595,\"height\":793,\"caption\":\"Reiseziel La Reunion Familienreise\"},{\"@type\":\"BreadcrumbList\",\"@id\":\"https:\/\/www.inselreunion.de\/#breadcrumb\",\"itemListElement\":[{\"@type\":\"ListItem\",\"position\":1,\"name\":\"Startseite\",\"item\":\"https:\/\/www.inselreunion.de\/\"},{\"@type\":\"ListItem\",\"position\":2,\"name\":\"Startseite\"}]},{\"@type\":\"WebSite\",\"@id\":\"https:\/\/www.inselreunion.de\/#website\",\"url\":\"https:\/\/www.inselreunion.de\/\",\"name\":\"Insel La Reunion\",\"description\":\"Insel La Reunion\",\"publisher\":{\"@id\":\"https:\/\/www.inselreunion.de\/#organization\"},\"inLanguage\":\"de\"},{\"@type\":\"Organization\",\"@id\":\"https:\/\/www.inselreunion.de\/#organization\",\"name\":\"Insel La Reunion\",\"url\":\"https:\/\/www.inselreunion.de\/\",\"logo\":{\"@type\":\"ImageObject\",\"inLanguage\":\"de\",\"@id\":\"https:\/\/www.inselreunion.de\/#\/schema\/logo\/image\/\",\"url\":\"https:\/\/www.inselreunion.de\/wp-content\/uploads\/2022\/01\/cropped-alizee_logo.png\",\"contentUrl\":\"https:\/\/www.inselreunion.de\/wp-content\/uploads\/2022\/01\/cropped-alizee_logo.png\",\"width\":300,\"height\":149,\"caption\":\"Insel La Reunion\"},\"image\":{\"@id\":\"https:\/\/www.inselreunion.de\/#\/schema\/logo\/image\/\"}}]}<\/script>\n<!-- \/ Yoast SEO plugin. -->","yoast_head_json":{"title":"Insel La Reunion | Reisetipps und Erfahrungsberichte","description":"Insel La Reunion Erfahrungen und Reiseberichte, Reisetipps und Aktuelles zu Rundreisen, Wanderungen und Unterk\u00fcnften. Was gilt es zu beachten?","robots":{"index":"index","follow":"follow","max-snippet":"max-snippet:-1","max-image-preview":"max-image-preview:large","max-video-preview":"max-video-preview:-1"},"canonical":"https:\/\/www.inselreunion.de\/","og_locale":"de_DE","og_type":"article","og_title":"Insel La Reunion | Reisetipps und Erfahrungsberichte","og_description":"Insel La Reunion Erfahrungen und Reiseberichte, Reisetipps und Aktuelles zu Rundreisen, Wanderungen und Unterk\u00fcnften. Was gilt es zu beachten?","og_url":"https:\/\/www.inselreunion.de\/","og_site_name":"Insel La Reunion","article_modified_time":"2023-04-22T09:25:38+00:00","og_image":[{"url":"https:\/\/www.inselreunion.de\/wp-content\/uploads\/2021\/09\/faune_terrestre63_cameleon-CREDIT-IRT-serge_gelabert_dts_12_2021-1.jpg"}],"twitter_card":"summary_large_image","twitter_misc":{"Gesch\u00e4tzte Lesezeit":"5\u00a0Minuten"},"schema":{"@context":"https:\/\/schema.org","@graph":[{"@type":"WebPage","@id":"https:\/\/www.inselreunion.de\/","url":"https:\/\/www.inselreunion.de\/","name":"Insel La Reunion | Reisetipps und Erfahrungsberichte","isPartOf":{"@id":"https:\/\/www.inselreunion.de\/#website"},"primaryImageOfPage":{"@id":"https:\/\/www.inselreunion.de\/#primaryimage"},"image":{"@id":"https:\/\/www.inselreunion.de\/#primaryimage"},"thumbnailUrl":"https:\/\/www.inselreunion.de\/wp-content\/uploads\/2021\/09\/faune_terrestre63_cameleon-CREDIT-IRT-serge_gelabert_dts_12_2021-1.jpg","datePublished":"2021-07-09T11:32:32+00:00","dateModified":"2023-04-22T09:25:38+00:00","description":"Insel La Reunion Erfahrungen und Reiseberichte, Reisetipps und Aktuelles zu Rundreisen, Wanderungen und Unterk\u00fcnften. Was gilt es zu beachten?","breadcrumb":{"@id":"https:\/\/www.inselreunion.de\/#breadcrumb"},"inLanguage":"de","potentialAction":[{"@type":"ReadAction","target":["https:\/\/www.inselreunion.de\/"]}]},{"@type":"ImageObject","inLanguage":"de","@id":"https:\/\/www.inselreunion.de\/#primaryimage","url":"https:\/\/www.inselreunion.de\/wp-content\/uploads\/2021\/09\/faune_terrestre63_cameleon-CREDIT-IRT-serge_gelabert_dts_12_2021-1.jpg","contentUrl":"https:\/\/www.inselreunion.de\/wp-content\/uploads\/2021\/09\/faune_terrestre63_cameleon-CREDIT-IRT-serge_gelabert_dts_12_2021-1.jpg","width":595,"height":793,"caption":"Reiseziel La Reunion Familienreise"},{"@type":"BreadcrumbList","@id":"https:\/\/www.inselreunion.de\/#breadcrumb","itemListElement":[{"@type":"ListItem","position":1,"name":"Startseite","item":"https:\/\/www.inselreunion.de\/"},{"@type":"ListItem","position":2,"name":"Startseite"}]},{"@type":"WebSite","@id":"https:\/\/www.inselreunion.de\/#website","url":"https:\/\/www.inselreunion.de\/","name":"Insel La Reunion","description":"Insel La Reunion","publisher":{"@id":"https:\/\/www.inselreunion.de\/#organization"},"inLanguage":"de"},{"@type":"Organization","@id":"https:\/\/www.inselreunion.de\/#organization","name":"Insel La Reunion","url":"https:\/\/www.inselreunion.de\/","logo":{"@type":"ImageObject","inLanguage":"de","@id":"https:\/\/www.inselreunion.de\/#\/schema\/logo\/image\/","url":"https:\/\/www.inselreunion.de\/wp-content\/uploads\/2022\/01\/cropped-alizee_logo.png","contentUrl":"https:\/\/www.inselreunion.de\/wp-content\/uploads\/2022\/01\/cropped-alizee_logo.png","width":300,"height":149,"caption":"Insel La Reunion"},"image":{"@id":"https:\/\/www.inselreunion.de\/#\/schema\/logo\/image\/"}}]}},"_links":{"self":[{"href":"https:\/\/www.inselreunion.de\/index.php\/wp-json\/wp\/v2\/pages\/168","targetHints":{"allow":["GET"]}}],"collection":[{"href":"https:\/\/www.inselreunion.de\/index.php\/wp-json\/wp\/v2\/pages"}],"about":[{"href":"https:\/\/www.inselreunion.de\/index.php\/wp-json\/wp\/v2\/types\/page"}],"author":[{"embeddable":true,"href":"https:\/\/www.inselreunion.de\/index.php\/wp-json\/wp\/v2\/users\/2"}],"replies":[{"embeddable":true,"href":"https:\/\/www.inselreunion.de\/index.php\/wp-json\/wp\/v2\/comments?post=168"}],"version-history":[{"count":77,"href":"https:\/\/www.inselreunion.de\/index.php\/wp-json\/wp\/v2\/pages\/168\/revisions"}],"predecessor-version":[{"id":575,"href":"https:\/\/www.inselreunion.de\/index.php\/wp-json\/wp\/v2\/pages\/168\/revisions\/575"}],"wp:attachment":[{"href":"https:\/\/www.inselreunion.de\/index.php\/wp-json\/wp\/v2\/media?parent=168"}],"curies":[{"name":"wp","href":"https:\/\/api.w.org\/{rel}","templated":true}]}}